{"id":1828,"date":"2019-05-13T14:41:36","date_gmt":"2019-05-13T14:41:36","guid":{"rendered":"http:\/\/www.elstemporers.com\/?page_id=1828"},"modified":"2020-04-14T15:08:15","modified_gmt":"2020-04-14T15:08:15","slug":"la-terra-alta-2","status":"publish","type":"page","link":"https:\/\/www.elstemporers.com\/es\/entorno-rural\/la-terra-alta-2\/","title":{"rendered":"La Terra Alta"},"content":{"rendered":"\n\t<section class=\"section has-parallax\" id=\"section_1229224820\">\n\t\t<div class=\"bg section-bg fill bg-fill  \" data-parallax-container=\".section\" data-parallax-background data-parallax=\"-7\">\n\n\t\t\t\n\t\t\t<div class=\"section-bg-overlay absolute fill\"><\/div>\n\t\t\t\n\n\t\t<\/div>\n\n\t\t\n\n\t\t<div class=\"section-content relative\">\n\t\t\t\n\n<div class=\"row align-center\"  id=\"row-69627636\">\n\n\n\t<div id=\"col-580834832\" class=\"col medium-10 small-12 large-10\"  >\n\t\t\t\t<div class=\"col-inner text-center text-shadow-2 dark\"  >\n\t\t\t\n\t\t\t\n\n<h1 class=\"uppercase\"><span style=\"font-size: 115%;\">La Terra Alta<\/span><\/h1>\n\n\t\t<\/div>\n\t\t\t\t\t<\/div>\n\n\t\n\n<\/div>\n\n\t\t<\/div>\n\n\t\t\n<style>\n#section_1229224820 {\n  padding-top: 60px;\n  padding-bottom: 60px;\n  min-height: 300px;\n  background-color: #7A9C59;\n}\n#section_1229224820 .section-bg-overlay {\n  background-color: rgba(122, 156, 89, 0.48);\n}\n#section_1229224820 .section-bg.bg-loaded {\n  background-image: url(https:\/\/www.elstemporers.com\/wp-content\/uploads\/banner-terra-alta.jpg);\n}\n#section_1229224820 .section-bg {\n  background-position: 0% 23%;\n}\n<\/style>\n\t<\/section>\n\t\n<div class=\"row\"  id=\"row-307490443\">\n\n\n\t<div id=\"col-579340841\" class=\"col small-12 large-12\"  >\n\t\t\t\t<div class=\"col-inner\"  >\n\t\t\t\n\t\t\t\n\n<p><span style=\"font-size: 110%;\">La comarca de la Terra Alta, situada en Terres de l\u2019Ebre, ofrece un gran abanico de atractivos tur\u00edsticos a trav\u00e9s de los 12 pueblos que la conforman: Gandesa (su capital), Corbera de Ebre, Bot, Arnes, Horta de San Juan, Arnes, Pinell de Brai, Prat de Comte, Batea, La Fatarella, La Pobla de Massaluca y Caseres.<\/span><\/p>\n<p><span style=\"font-size: 110%;\">Uno de sus principales atractivos, el <strong>Poble Vell de Corbera d&#8217;Ebre<\/strong>, muestra, como en pocos lugares podremos ver, la dureza de una guerra, la Guerra Civil, que destruy\u00f3 este pueblo durante 115 d\u00edas. Puede visitar el <strong>Poble Vell<\/strong>, el Centro de Interpretaci\u00f3n y muchos otros espacios en la comarca para entender la <strong>Batalla del Ebre.<\/strong><\/span><\/p>\n<div class=\"row\"  id=\"row-1207715163\">\n\n<\/p>\n\n\t<div id=\"col-1230049720\" class=\"col medium-6 small-12 large-6\"  >\n\t\t\t\t<div class=\"col-inner\"  >\n\t\t\t\n\t\t\t\n\n<p><span style=\"font-size: 110%;\">Otra de las actividades que m\u00e1s turistas atrae es la <strong>V\u00eda Verde<\/strong>: antiguo trazado de la v\u00eda del tren hoy restaurada como v\u00eda para hacer en bici, a pie&#8230; Se trata de un recorrido muy plano, que permite pasar un d\u00eda genial en familia, disfrutando de magn\u00edficos paisajes, como el del <strong>Balneario de La Fontcalda<\/strong>.<\/span><\/p>\n<p><span style=\"font-size: 110%;\">El <strong>Parque Natural de Els Ports<\/strong>, desde Horta de Sant Joan, Arnes, Prat de Compte&#8230; son visita obligada. Adentrarse por sus caminos y disfrutar de la naturaleza es una experiencia totalmente recomendable.<\/span><\/p>\n\n\t\t<\/div>\n\t\t\t\t\t<\/div>\n\n\t\n\n\t<div id=\"col-702820313\" class=\"col medium-6 small-12 large-6\"  >\n\t\t\t\t<div class=\"col-inner\"  >\n\t\t\t\n\t\t\t\n\n\t<div class=\"img has-hover x md-x lg-x y md-y lg-y\" id=\"image_933598532\">\n\t\t\t\t\t\t\t\t<div class=\"img-inner dark\" >\n\t\t\t<img loading=\"lazy\" decoding=\"async\" width=\"1020\" height=\"682\" src=\"https:\/\/www.elstemporers.com\/wp-content\/uploads\/HORTA-23-1024x685.jpg\" class=\"attachment-large size-large\" alt=\"\" srcset=\"https:\/\/www.elstemporers.com\/wp-content\/uploads\/HORTA-23-1024x685.jpg 1024w, https:\/\/www.elstemporers.com\/wp-content\/uploads\/HORTA-23-300x201.jpg 300w, https:\/\/www.elstemporers.com\/wp-content\/uploads\/HORTA-23-768x513.jpg 768w\" sizes=\"(max-width: 1020px) 100vw, 1020px\" \/>\t\t\t\t\t\t\n\t\t\t\t\t<\/div>\n\t\t\t\t\t\t\t\t\n<style>\n#image_933598532 {\n  width: 100%;\n}\n<\/style>\n\t<\/div>\n\t\n\n\n\t\t<\/div>\n\t\t\t\t\t<\/div>\n\n\t\n\n<\/div>\n<div class=\"row\"  id=\"row-2140456583\">\n\n\n\t<div id=\"col-197665221\" class=\"col small-12 large-12\"  >\n\t\t\t\t<div class=\"col-inner\"  >\n\t\t\t\n\t\t\t\n\n<p><span style=\"font-size: 110%;\">Completa la oferta su amplia <strong>red ciclista<\/strong>, caminos para recorrer a pie, en historia y arte, la exposici\u00f3n del <strong>Art al Ras, bodegas<\/strong> donde conocer los <strong>vinos<\/strong> de la <strong>DO Terra Alta<\/strong>, la <strong>Ruta del Vino<\/strong>, molinos de aceite que tambi\u00e9n ofrecen excursiones y catas y su <strong>Ruta del aceite<\/strong>, patrimonio, gastronom\u00eda&#8230; y su gente&#8230;<\/span><\/p>\n<p><span style=\"font-size: 110%;\"><strong>Horta de Sant Joan<\/strong>, y el museo de <strong>Picasso<\/strong>; <strong>Arnes<\/strong>, y sus calles de piedra; <strong>Batea<\/strong>, y sus vinos; <strong>Pinell<\/strong>, con su <strong>Bodega Modernista<\/strong>&#8230; y as\u00ed cada uno de los 12 pueblos tienen mucho que ofrecer al visitante. \u00a1Una comarca que os sorprender\u00e1!<\/span><\/p>\n<p><span style=\"font-size: 110%;\">Toda la informaci\u00f3n de turismo de la <strong>Terra Alta<\/strong> en la web del Comarcal:<\/span><\/p>\n<p><span style=\"font-size: 110%;\">http:\/\/www.terra-alta.org\/<\/span><\/p>\n\n\t\t<\/div>\n\t\t\t\t\t<\/div>\n\n\t\n\n<\/div>\n\n\t\t<\/div>\n\t\t\t\t\t<\/div>\n\n\t\n\n<\/div>\n\n\n\n<p>Descubre la <a href=\"https:\/\/www.elstemporers.com\/es\/entorno-rural\/la-terra-alta-2\/\">Terra Alta<\/a>: <a href=\"https:\/\/www.elstemporers.com\/es\/que-hacer\/via-verde\/\">Via Verde<\/a>, la <a href=\"https:\/\/www.elstemporers.com\/es\/que-hacer\/red-ciclista\/\">xarxa ciclista<\/a>, los <a href=\"https:\/\/www.elstemporers.com\/es\/que-hacer\/espacios-de-la-batalla-del-ebro\/\">Espacios de Batalla del Ebro<\/a>, camina por <a href=\"https:\/\/www.elstemporers.com\/es\/que-hacer\/parque-natural-de-els-ports-dhorta\/\">Els Ports<\/a> o prueba los <a href=\"https:\/\/www.elstemporers.com\/es\/que-hacer\/la-garnacha-y-los-vinos-do-terra-alta\/\">vinos<\/a> y aceites de la comarca con esta oferta escapada rural julio en la <a rel=\"noreferrer noopener\" href=\"http:\/\/terra-alta.org\/?lang=es\" target=\"_blank\">Terra Alta<\/a>.<\/p>\n","protected":false},"excerpt":{"rendered":"<p>Descubre la Terra Alta: Via Verde, la xarxa ciclista, los Espacios de Batalla del Ebro, camina por Els Ports o prueba los vinos y aceites de la comarca con esta oferta escapada rural julio en la Terra Alta.<\/p>\n","protected":false},"author":1,"featured_media":0,"parent":1817,"menu_order":0,"comment_status":"closed","ping_status":"closed","template":"page-right-sidebar.php","meta":{"footnotes":""},"yoast_head":"<!-- This site is optimized with the Yoast SEO plugin v21.7 - https:\/\/yoast.com\/wordpress\/plugins\/seo\/ -->\n<title>La Terra Alta - Els temporers<\/title>\n<meta name=\"description\" content=\"La comarca de la Terra Alta, situada en Terres de l\u2019Ebre, ofrece un gran abanico de atractivos tur\u00edsticos a trav\u00e9s de 12 pueblos. Corbera d&#039;Ebre.\" \/>\n<meta name=\"robots\" content=\"index, follow, max-snippet:-1, max-image-preview:large, max-video-preview:-1\" \/>\n<link rel=\"canonical\" href=\"https:\/\/www.elstemporers.com\/es\/entorno-rural\/la-terra-alta-2\/\" \/>\n<meta property=\"og:locale\" content=\"es_ES\" \/>\n<meta property=\"og:type\" content=\"article\" \/>\n<meta property=\"og:title\" content=\"La Terra Alta - Els temporers\" \/>\n<meta property=\"og:description\" content=\"La comarca de la Terra Alta, situada en Terres de l\u2019Ebre, ofrece un gran abanico de atractivos tur\u00edsticos a trav\u00e9s de 12 pueblos. Corbera d&#039;Ebre.\" \/>\n<meta property=\"og:url\" content=\"https:\/\/www.elstemporers.com\/es\/entorno-rural\/la-terra-alta-2\/\" \/>\n<meta property=\"og:site_name\" content=\"Els temporers\" \/>\n<meta property=\"article:modified_time\" content=\"2020-04-14T15:08:15+00:00\" \/>\n<meta name=\"twitter:card\" content=\"summary_large_image\" \/>\n<meta name=\"twitter:label1\" content=\"Tiempo de lectura\" \/>\n\t<meta name=\"twitter:data1\" content=\"2 minutos\" \/>\n<script type=\"application\/ld+json\" class=\"yoast-schema-graph\">{\"@context\":\"https:\/\/schema.org\",\"@graph\":[{\"@type\":\"WebPage\",\"@id\":\"https:\/\/www.elstemporers.com\/es\/entorno-rural\/la-terra-alta-2\/\",\"url\":\"https:\/\/www.elstemporers.com\/es\/entorno-rural\/la-terra-alta-2\/\",\"name\":\"La Terra Alta - Els temporers\",\"isPartOf\":{\"@id\":\"https:\/\/www.elstemporers.com\/es\/#website\"},\"datePublished\":\"2019-05-13T14:41:36+00:00\",\"dateModified\":\"2020-04-14T15:08:15+00:00\",\"description\":\"La comarca de la Terra Alta, situada en Terres de l\u2019Ebre, ofrece un gran abanico de atractivos tur\u00edsticos a trav\u00e9s de 12 pueblos. Corbera d'Ebre.\",\"breadcrumb\":{\"@id\":\"https:\/\/www.elstemporers.com\/es\/entorno-rural\/la-terra-alta-2\/#breadcrumb\"},\"inLanguage\":\"es\",\"potentialAction\":[{\"@type\":\"ReadAction\",\"target\":[\"https:\/\/www.elstemporers.com\/es\/entorno-rural\/la-terra-alta-2\/\"]}]},{\"@type\":\"BreadcrumbList\",\"@id\":\"https:\/\/www.elstemporers.com\/es\/entorno-rural\/la-terra-alta-2\/#breadcrumb\",\"itemListElement\":[{\"@type\":\"ListItem\",\"position\":1,\"name\":\"Portada\",\"item\":\"https:\/\/www.elstemporers.com\/es\/\"},{\"@type\":\"ListItem\",\"position\":2,\"name\":\"Entorno Rural\",\"item\":\"https:\/\/www.elstemporers.com\/es\/entorno-rural\/\"},{\"@type\":\"ListItem\",\"position\":3,\"name\":\"La Terra Alta\"}]},{\"@type\":\"WebSite\",\"@id\":\"https:\/\/www.elstemporers.com\/es\/#website\",\"url\":\"https:\/\/www.elstemporers.com\/es\/\",\"name\":\"Els temporers\",\"description\":\"Apartaments Rurals Terra Alta Corbera d&#039;Ebre\",\"potentialAction\":[{\"@type\":\"SearchAction\",\"target\":{\"@type\":\"EntryPoint\",\"urlTemplate\":\"https:\/\/www.elstemporers.com\/es\/?s={search_term_string}\"},\"query-input\":\"required name=search_term_string\"}],\"inLanguage\":\"es\"}]}<\/script>\n<!-- \/ Yoast SEO plugin. -->","yoast_head_json":{"title":"La Terra Alta - Els temporers","description":"La comarca de la Terra Alta, situada en Terres de l\u2019Ebre, ofrece un gran abanico de atractivos tur\u00edsticos a trav\u00e9s de 12 pueblos. Corbera d'Ebre.","robots":{"index":"index","follow":"follow","max-snippet":"max-snippet:-1","max-image-preview":"max-image-preview:large","max-video-preview":"max-video-preview:-1"},"canonical":"https:\/\/www.elstemporers.com\/es\/entorno-rural\/la-terra-alta-2\/","og_locale":"es_ES","og_type":"article","og_title":"La Terra Alta - Els temporers","og_description":"La comarca de la Terra Alta, situada en Terres de l\u2019Ebre, ofrece un gran abanico de atractivos tur\u00edsticos a trav\u00e9s de 12 pueblos. Corbera d'Ebre.","og_url":"https:\/\/www.elstemporers.com\/es\/entorno-rural\/la-terra-alta-2\/","og_site_name":"Els temporers","article_modified_time":"2020-04-14T15:08:15+00:00","twitter_card":"summary_large_image","twitter_misc":{"Tiempo de lectura":"2 minutos"},"schema":{"@context":"https:\/\/schema.org","@graph":[{"@type":"WebPage","@id":"https:\/\/www.elstemporers.com\/es\/entorno-rural\/la-terra-alta-2\/","url":"https:\/\/www.elstemporers.com\/es\/entorno-rural\/la-terra-alta-2\/","name":"La Terra Alta - Els temporers","isPartOf":{"@id":"https:\/\/www.elstemporers.com\/es\/#website"},"datePublished":"2019-05-13T14:41:36+00:00","dateModified":"2020-04-14T15:08:15+00:00","description":"La comarca de la Terra Alta, situada en Terres de l\u2019Ebre, ofrece un gran abanico de atractivos tur\u00edsticos a trav\u00e9s de 12 pueblos. Corbera d'Ebre.","breadcrumb":{"@id":"https:\/\/www.elstemporers.com\/es\/entorno-rural\/la-terra-alta-2\/#breadcrumb"},"inLanguage":"es","potentialAction":[{"@type":"ReadAction","target":["https:\/\/www.elstemporers.com\/es\/entorno-rural\/la-terra-alta-2\/"]}]},{"@type":"BreadcrumbList","@id":"https:\/\/www.elstemporers.com\/es\/entorno-rural\/la-terra-alta-2\/#breadcrumb","itemListElement":[{"@type":"ListItem","position":1,"name":"Portada","item":"https:\/\/www.elstemporers.com\/es\/"},{"@type":"ListItem","position":2,"name":"Entorno Rural","item":"https:\/\/www.elstemporers.com\/es\/entorno-rural\/"},{"@type":"ListItem","position":3,"name":"La Terra Alta"}]},{"@type":"WebSite","@id":"https:\/\/www.elstemporers.com\/es\/#website","url":"https:\/\/www.elstemporers.com\/es\/","name":"Els temporers","description":"Apartaments Rurals Terra Alta Corbera d&#039;Ebre","potentialAction":[{"@type":"SearchAction","target":{"@type":"EntryPoint","urlTemplate":"https:\/\/www.elstemporers.com\/es\/?s={search_term_string}"},"query-input":"required name=search_term_string"}],"inLanguage":"es"}]}},"_links":{"self":[{"href":"https:\/\/www.elstemporers.com\/es\/wp-json\/wp\/v2\/pages\/1828"}],"collection":[{"href":"https:\/\/www.elstemporers.com\/es\/wp-json\/wp\/v2\/pages"}],"about":[{"href":"https:\/\/www.elstemporers.com\/es\/wp-json\/wp\/v2\/types\/page"}],"author":[{"embeddable":true,"href":"https:\/\/www.elstemporers.com\/es\/wp-json\/wp\/v2\/users\/1"}],"replies":[{"embeddable":true,"href":"https:\/\/www.elstemporers.com\/es\/wp-json\/wp\/v2\/comments?post=1828"}],"version-history":[{"count":2,"href":"https:\/\/www.elstemporers.com\/es\/wp-json\/wp\/v2\/pages\/1828\/revisions"}],"predecessor-version":[{"id":2440,"href":"https:\/\/www.elstemporers.com\/es\/wp-json\/wp\/v2\/pages\/1828\/revisions\/2440"}],"up":[{"embeddable":true,"href":"https:\/\/www.elstemporers.com\/es\/wp-json\/wp\/v2\/pages\/1817"}],"wp:attachment":[{"href":"https:\/\/www.elstemporers.com\/es\/wp-json\/wp\/v2\/media?parent=1828"}],"curies":[{"name":"wp","href":"https:\/\/api.w.org\/{rel}","templated":true}]}}